{"id":1811,"date":"2022-05-11T17:28:49","date_gmt":"2022-05-11T17:28:49","guid":{"rendered":"https:\/\/www.yana.ro\/?page_id=1811"},"modified":"2022-05-11T17:55:51","modified_gmt":"2022-05-11T17:55:51","slug":"politica-de-confidentialitate","status":"publish","type":"page","link":"https:\/\/www.yana.li\/de\/politica-de-confidentialitate\/","title":{"rendered":"Politic\u0103 de confiden\u021bialitate"},"content":{"rendered":"<div class=\"fusion-fullwidth fullwidth-box fusion-builder-row-1 fusion-flex-container nonhundred-percent-fullwidth non-hundred-percent-height-scrolling\" style=\"background-color: rgba(255,255,255,0);background-position: center center;background-repeat: no-repeat;border-width: 0px 0px 0px 0px;border-color:#eae9e9;border-style:solid;\" ><div class=\"fusion-builder-row fusion-row fusion-flex-align-items-flex-start\" style=\"max-width:1216.8px;margin-left: calc(-4% \/ 2 );margin-right: calc(-4% \/ 2 );\"><div class=\"fusion-layout-column fusion_builder_column fusion-builder-column-0 fusion_builder_column_1_1 1_1 fusion-flex-column\"><div class=\"fusion-column-wrapper fusion-flex-justify-content-flex-start fusion-content-layout-column\" style=\"background-position:left top;background-repeat:no-repeat;-webkit-background-size:cover;-moz-background-size:cover;-o-background-size:cover;background-size:cover;padding: 0px 0px 0px 0px;\"><div class=\"fusion-text fusion-text-1\" style=\"margin-top:210px;\"><h1>Politic\u0103 de confiden\u021bialitate<\/h1>\n<p><span style=\"font-weight: 400;\">Prin aceast\u0103 Not\u0103 de informare, v\u0103 aducem la cuno\u015ftin\u0163\u0103 modul \u00een care sunt prelucrate datele cu caracter personal \u00een scopurile identificate mai jos, prin intermediul site-ului <\/span><a href=\"https:\/\/asociatiacasabuna.ro\/\"><span style=\"font-weight: 400;\">https:\/\/<\/span><\/a><span style=\"font-weight: 400;\">yaha.li (\u201dSite-ul\u201d), precum \u015fi drepturile persoanelor vizate, \u00een conformitate cu prevederile Regulamentului (UE) 2016\/679 al Parlamentului European \u0219i al Consiliului din 27 aprilie 2016 (\u201dGDPR\u201d).\u00a0<\/span><\/p>\n<p><b>OPERATORUL DE DATE<\/b><\/p>\n<p><b>Funda\u021bia YANA,<\/b><span style=\"font-weight: 400;\"> cu sediul <\/span><span style=\"font-weight: 400;\">Str. Trandafirilor 5, localitatea Nicolae B\u0103lcescu, Jud. Bac\u0103u,<\/span> <b>are calitatea de operator de date<\/b><span style=\"font-weight: 400;\"> conform GDPR. \u00cen cuprinsul acestui document, <\/span><b>Funda\u021bia YANA<\/b><span style=\"font-weight: 400;\"> va fi denumit\u0103 Operatorul sau Funda\u021bia YANA.<\/span><\/p>\n<p><b>DATELE CU CARACTER PERSONAL PRELUCRATE PRIN SITE<\/b><\/p>\n<p><span style=\"font-weight: 400;\">\u00cen scopurile descrise mai jos, Funda\u021bia YANA prelucreaz\u0103 urm\u0103toarele categorii de date cu caracter personal:\u00a0<\/span><\/p>\n<ol>\n<li><span style=\"font-weight: 400;\">a) datele completate de tine \u00een pagina de Contact a Site-ului: nume complet, adres\u0103 de e-mail, mesajul t\u0103u, respectiv toate informa\u0163iile comunicate Funda\u021biei prin aceast\u0103 modalitate;<\/span><\/li>\n<li><span style=\"font-weight: 400;\">b) datele completate de tine \u00een Site atunci c\u00e2nd aplici pentru activit\u0103\u0163i de voluntariat la Funda\u021bia YANA: nume, num\u0103r de telefon, adresa de e-mail, activit\u0103\u0163ile selectate \u00een care vrei s\u0103 te implici, ce alegi s\u0103 ne spui despre tine, precum \u015fi datele suplimentare pe care ni le comunici atunci c\u00e2nd discu\u0163i cu un membru al Funda\u021biei;<\/span><\/li>\n<li><span style=\"font-weight: 400;\">c) datele completate de tine \u00een Site atunci c\u00e2nd alegi s\u0103 sus\u0163ii Funda\u021bia YANA prin direc\u0163ionarea procentului de 3,5% din impozitul anual datorat;<\/span><\/li>\n<li><span style=\"font-weight: 400;\">d) datele completate de tine \u00een Site atunci c\u00e2nd alegi s\u0103 sus\u0163ii Funda\u021bia YANA prin donarea unei sume de bani: nume, prenume, sum\u0103 donat\u0103, adres\u0103 de e-mail;<\/span><\/li>\n<li><span style=\"font-weight: 400;\">f) imagini cu tine \u015fi povestea ta de voluntar;<\/span><\/li>\n<li><span style=\"font-weight: 400;\">g) datele rezultate din navigarea pe Site \u0219i colectate prin intermediul cookie-urilor: detalii cu privire la acestea, modul de func\u021bionare \u0219i inactivare sunt disponibile \u00een Politica<\/span><a href=\"https:\/\/asociatiacasabuna.ro\/cookies\/\"><span style=\"font-weight: 400;\"> de cookie-uri<\/span><\/a><span style=\"font-weight: 400;\">.<\/span><\/li>\n<\/ol>\n<p><b>SCOPURILE \u015eI TEMEIURILE LEGALE ALE PRELUCR\u0102RILOR<\/b><\/p>\n<p><span style=\"font-weight: 400;\">Scopurile prelucr\u0103rii datelor cu caracter personal \u015fi temeiurile juridice sunt urm\u0103toarele:<\/span><\/p>\n<ol>\n<li><span style=\"font-weight: 400;\">a) comunicarea cu Funda\u021bia YANA la ini\u0163iativa ta sau la ini\u0163iativa Funda\u021biei \u00een scopuri legate de activitatea acesteia, cum ar fi transmiterea de materiale informative, invita\u0163ii la ac\u0163iunile desf\u0103\u015furate, solicitarea sus\u0163inerii pentru proiectele Funda\u021biei, rapoarte de activitate etc., \u00een baza consim\u0163\u0103m\u00e2ntului t\u0103u \u00een acest sens, av\u00e2nd \u00een vedere articolul 6 alineatul (1) litera a) din GDPR;<\/span><\/li>\n<li><span style=\"font-weight: 400;\">b) efectuarea demersurilor pentru a deveni voluntar al Funda\u021biei \u015fi desf\u0103\u015furarea activit\u0103\u0163ii de voluntariat, av\u00e2nd \u00een vedere articolul 6 alineatul (1) litera b) din GDPR;<\/span><\/li>\n<li><span style=\"font-weight: 400;\">c) sus\u0163inerea Funda\u021biei prin dona\u0163ii \u015fi\/sau direc\u0163ionarea procentului de 3,5% din impozitul anual datorat, av\u00e2nd \u00een vedere articolul 6 alineatul (1) litera a) \u015fi litera b) din GDPR;<\/span><\/li>\n<li><span style=\"font-weight: 400;\">d) \u00eendeplinirea obliga\u0163iilor legale ale Funda\u021biei, av\u00e2nd \u00een vedere articolul 6 alineatul (1) litera c) din GDPR;<\/span><\/li>\n<li><span style=\"font-weight: 400;\">e) urm\u0103rirea intereselor legitime ale Funda\u021biei, cum ar fi: organizarea activit\u0103\u0163ii Funda\u021biei, asigurarea transparen\u0163ei \u015fi comunicarea rezultatelor activit\u0103\u0163ii Funda\u021biei, inclusiv prin informarea persoanelor vizate relevante, solu\u0163ionarea cererilor\/ sesiz\u0103rilor primite, ap\u0103rarea\/ conservarea drepturilor Funda\u021biei \u00een cazul unui eventual litigiu, av\u00e2nd \u00een vedere articolul 6 alineatul (1) litera f) din GDPR.<\/span><\/li>\n<\/ol>\n<p><b>Dac\u0103 nu vrei ca datele cu caracter personal s\u0103 fie prelucrate conform celor precizate \u00een acest document, te rug\u0103m s\u0103 nu \u00ee\u0163i introduci datele \u00een Site.\u00a0<\/b><\/p>\n<p><b><i>Preciz\u0103m faptul c\u0103, atunci c\u00e2nd ne baz\u0103m prelucrarea datelor pe consim\u0163\u0103m\u00e2ntul t\u0103u, ai dreptul s\u0103 \u0163i-l retragi \u00een orice moment. <\/i><\/b><span style=\"font-weight: 400;\">Funda\u021bia YANA va \u00eenceta respectiva prelucrare \u00een cel mai scurt timp (necesar pentru a implementa intern modificarea), \u00eens\u0103 legalitatea activit\u0103\u021bilor de prelucrare efectuate \u00eenaintea retragerii nu este afectat\u0103.<\/span><\/p>\n<p><b>DURATA PRELUCR\u0102RII DATELOR CU CARACTER PERSONAL<\/b><\/p>\n<p><span style=\"font-weight: 400;\">Datele cu caracter personal sunt prelucrate pe o perioad\u0103 limitat\u0103 de timp, raportat la scopurile prelucr\u0103rilor. De exemplu, prelucr\u0103m datele cu caracter personal pe durata existen\u0163ei consim\u0163\u0103m\u00e2ntului t\u0103u sau pe perioada prev\u0103zut\u0103 de legisla\u0163ia \u00een vigoare aplicabil\u0103 Funda\u021biei. Dovada consim\u0163\u0103m\u00e2ntului t\u0103u pentru prelucrare o vom p\u0103stra pentru o perioad\u0103 de maximum 3 ani de la retragerea acestuia. La finalul perioadei de p\u0103strare, vom \u015fterge datele cu caracter personal.<\/span><\/p>\n<p><b>DESTINATARII DATELOR CU CARACTER PERSONAL<\/b><\/p>\n<p><span style=\"font-weight: 400;\">Datele cu caracter personal sunt destinate utiliz\u0103rii de c\u0103tre Funda\u021biei exclusiv \u00een scopurile men\u0163ionate mai sus \u015fi le poate transmite\/ oferi acces la acestea urm\u0103torilor destinatari, dac\u0103 este cazul:<\/span><\/p>\n<ol>\n<li><span style=\"font-weight: 400;\">a) institu\u021bii\/ autorit\u0103\u021bi centrale \u0219i locale \u00een vederea \u00eendeplinirii obliga\u021biilor legale ale operatorului (ex. ANSPDCP, ANAF, poli\u021bie, parchet etc.);<\/span><\/li>\n<li><span style=\"font-weight: 400;\">b) instan\u021be de judecat\u0103 \u00een vederea formul\u0103rii de ac\u021biuni, ap\u0103r\u0103ri \u0219i reprezent\u0103rii \u00een instan\u021b\u0103;<\/span><\/li>\n<li><span style=\"font-weight: 400;\">c) voluntari ai Funda\u021biei \u015fi colaboratori\/ furnizori de servicii utiliza\u021bi de Funda\u021biei \u00een activitatea sa inclusiv, dar f\u0103r\u0103 a se limita la domenii, precum IT, g\u0103zduire site, contabilitate, juridic etc.<\/span><\/li>\n<\/ol>\n<p><span style=\"font-weight: 400;\">Funda\u021bia YANA nu transfer\u0103 date cu caracter personal c\u0103tre \u021b\u0103ri din afara Uniunii Europene sau Spa\u021biului Economic European (a\u0219a-numitele \u021b\u0103ri ter\u021be).<\/span><\/p>\n<p><b>DREPTURILE PERSOANELOR VIZATE<\/b><\/p>\n<p><span style=\"font-weight: 400;\">Conform prevederilor legale aplicabile (articolele 12-22 din GDPR), persoana vizat\u0103 are urm\u0103toarele drepturi: <\/span><i><span style=\"font-weight: 400;\">de acces, la rectificare, la \u015ftergerea datelor <\/span><\/i><span style=\"font-weight: 400;\">(\u201ddreptul de a fi uitat\u201d), <\/span><i><span style=\"font-weight: 400;\">la restric\u0163ionarea prelucr\u0103rii<\/span><\/i><span style=\"font-weight: 400;\">, <\/span><i><span style=\"font-weight: 400;\">la portabilitatea datelor, la opozi\u0163ie, de a solicita \u0219i a ob\u021bine retragerea, anularea sau reevaluarea oric\u0103rei decizii luate \u00een privin\u021ba persoanei vizate, care produce efecte juridice \u0219i care se bazeaz\u0103 exclusiv pe prelucrarea automat\u0103<\/span><\/i><span style=\"font-weight: 400;\"> (preciz\u0103m c\u0103 Funda\u021bia YANA nu utilizeaz\u0103 \u00een prelucr\u0103rile efectuate un mecanism de decizie automat\u0103), <\/span><i><span style=\"font-weight: 400;\">de a retrage consim\u021b\u0103m\u00e2ntul pentru prelucrarea datelor cu caracter personal bazate pe acest temei legal<\/span><\/i><span style=\"font-weight: 400;\">, <\/span><i><span style=\"font-weight: 400;\">de a se adresa Autorit\u0103\u021bii Na\u021bionale de Supraveghere a Prelucr\u0103rii Datelor cu Caracter Personal sau unei instan\u0163e competente.<\/span><\/i><\/p>\n<p><span style=\"font-weight: 400;\">\u00cen cazul \u00een care consideri c\u0103 drepturile tale au fost \u00eenc\u0103lcate, po\u0163i depune oric\u00e2nd o pl\u00e2ngere\/ sesizare Autorit\u0103\u021bii Na\u0163ionale de Supraveghere a Prelucr\u0103rii Datelor cu Caracter Personal, cu sediul \u00een Bucure\u0219ti, B-dul G-ral. Gheorghe Magheru 28-30, Sector 1, cod po\u0219tal 010336, Rom\u00e2nia, <\/span><a href=\"http:\/\/www.dataprotection.ro\/\"><span style=\"font-weight: 400;\">www.dataprotection.ro<\/span><\/a><span style=\"font-weight: 400;\">. Te po\u0163i adresa, de asemenea, instan\u0163elor judec\u0103tore\u015fti competente.<\/span><\/p>\n<\/div><\/div><style type=\"text\/css\">.fusion-body .fusion-builder-column-0{width:100% !important;margin-top : 0px;margin-bottom : 20px;}.fusion-builder-column-0 > .fusion-column-wrapper {padding-top : 0px !important;padding-right : 0px !important;margin-right : 1.92%;padding-bottom : 0px !important;padding-left : 0px !important;margin-left : 1.92%;}@media only screen and (max-width:1024px) {.fusion-body .fusion-builder-column-0{width:100% !important;order : 0;}.fusion-builder-column-0 > .fusion-column-wrapper {margin-right : 1.92%;margin-left : 1.92%;}}@media only screen and (max-width:640px) {.fusion-body .fusion-builder-column-0{width:100% !important;order : 0;}.fusion-builder-column-0 > .fusion-column-wrapper {margin-right : 1.92%;margin-left : 1.92%;}}<\/style><\/div><\/div><style type=\"text\/css\">.fusion-body .fusion-flex-container.fusion-builder-row-1{ padding-top : 0px;margin-top : 0px;padding-right : 0px;padding-bottom : 0px;margin-bottom : 0px;padding-left : 0px;}<\/style><\/div>","protected":false},"excerpt":{"rendered":"","protected":false},"author":5,"featured_media":0,"parent":0,"menu_order":0,"comment_status":"closed","ping_status":"closed","template":"","meta":{"_monsterinsights_skip_tracking":false,"_monsterinsights_sitenote_active":false,"_monsterinsights_sitenote_note":"","_monsterinsights_sitenote_category":0,"footnotes":""},"class_list":["post-1811","page","type-page","status-publish","hentry"],"aioseo_notices":[],"_links":{"self":[{"href":"https:\/\/www.yana.li\/de\/wp-json\/wp\/v2\/pages\/1811","targetHints":{"allow":["GET"]}}],"collection":[{"href":"https:\/\/www.yana.li\/de\/wp-json\/wp\/v2\/pages"}],"about":[{"href":"https:\/\/www.yana.li\/de\/wp-json\/wp\/v2\/types\/page"}],"author":[{"embeddable":true,"href":"https:\/\/www.yana.li\/de\/wp-json\/wp\/v2\/users\/5"}],"replies":[{"embeddable":true,"href":"https:\/\/www.yana.li\/de\/wp-json\/wp\/v2\/comments?post=1811"}],"version-history":[{"count":5,"href":"https:\/\/www.yana.li\/de\/wp-json\/wp\/v2\/pages\/1811\/revisions"}],"predecessor-version":[{"id":1819,"href":"https:\/\/www.yana.li\/de\/wp-json\/wp\/v2\/pages\/1811\/revisions\/1819"}],"wp:attachment":[{"href":"https:\/\/www.yana.li\/de\/wp-json\/wp\/v2\/media?parent=1811"}],"curies":[{"name":"wp","href":"https:\/\/api.w.org\/{rel}","templated":true}]}}